{"id":39,"date":"2018-02-14T07:23:56","date_gmt":"2018-02-14T06:23:56","guid":{"rendered":"http:\/\/www.portugalaustria.at\/de-at\/?page_id=39"},"modified":"2026-01-24T19:39:15","modified_gmt":"2026-01-24T18:39:15","slug":"vorstand","status":"publish","type":"page","link":"https:\/\/www.portugalaustria.at\/de-at\/vorstand\/","title":{"rendered":"Vorstand"},"content":{"rendered":"\n<figure class=\"wp-block-gallery has-nested-images columns-default is-cropped wp-block-gallery-1 is-layout-flex wp-block-gallery-is-layout-flex\">\n<figure class=\"wp-block-image size-large\"><img loading=\"lazy\" decoding=\"async\" width=\"1024\" height=\"683\" data-id=\"1233\" src=\"https:\/\/www.portugalaustria.at\/de-at\/wp-content\/uploads\/2026\/01\/DSCJ2-87-1024x683.jpg\" alt=\"\" class=\"wp-image-1233\" srcset=\"https:\/\/www.portugalaustria.at\/de-at\/wp-content\/uploads\/2026\/01\/DSCJ2-87-1024x683.jpg 1024w, https:\/\/www.portugalaustria.at\/de-at\/wp-content\/uploads\/2026\/01\/DSCJ2-87-500x333.jpg 500w, https:\/\/www.portugalaustria.at\/de-at\/wp-content\/uploads\/2026\/01\/DSCJ2-87-768x512.jpg 768w, https:\/\/www.portugalaustria.at\/de-at\/wp-content\/uploads\/2026\/01\/DSCJ2-87-1536x1024.jpg 1536w, https:\/\/www.portugalaustria.at\/de-at\/wp-content\/uploads\/2026\/01\/DSCJ2-87-2048x1365.jpg 2048w, https:\/\/www.portugalaustria.at\/de-at\/wp-content\/uploads\/2026\/01\/DSCJ2-87-1600x1067.jpg 1600w\" sizes=\"auto, (max-width: 1024px) 100vw, 1024px\" \/><\/figure>\n<\/figure>\n\n\n\n<p><\/p>\n\n\n\n<p><\/p>\n\n\n<table style=\"font-weight: 400;\">\n<tbody>\n<tr>\n<td width=\"525\"><strong>Pr\u00e4sident, Vorstand<\/strong><\/td>\n<td width=\"600\"><strong>Dr. Marcos Boskamp Alexandre<\/strong><\/td>\n<td width=\"584\"><strong>Presidente<\/strong><\/td>\n<\/tr>\n<tr>\n<td width=\"525\"><strong>Vizepr\u00e4sident, Vorstand<\/strong><\/td>\n<td width=\"600\"><strong>Senator h.c. Walter J. Gerbautz<\/strong><\/td>\n<td width=\"584\"><strong>Vice-presidente<\/strong><\/td>\n<\/tr>\n<tr>\n<td width=\"525\"><strong>Kassier\/in<\/strong><\/td>\n<td width=\"600\"><strong>Mag. Michaela Mittermayr<\/strong><\/td>\n<td width=\"584\"><strong>Tesoureiro (Caixa)<\/strong><\/td>\n<\/tr>\n<tr>\n<td width=\"525\"><strong>Rechnungspr\u00fcfer<\/strong><\/td>\n<td width=\"600\"><strong>Mag. Martin Zuccato<\/strong><\/td>\n<td width=\"584\"><strong>Revisor de Contas<\/strong><\/td>\n<\/tr>\n<tr>\n<td width=\"525\"><strong>Rechnungspr\u00fcfer<\/strong><\/td>\n<td width=\"600\"><strong>Mag. Robert Pillmeier<\/strong><\/td>\n<td width=\"584\"><strong>Revisor de Contas<\/strong><\/td>\n<\/tr>\n<tr>\n<td width=\"525\"><strong>Beiratsvorsitzender<\/strong><\/td>\n<td width=\"600\"><strong>Honorar Konsul, Senator, Kommerzialrat, Dr.iur. Ernst Wunderbaldinger<\/strong><\/td>\n<td width=\"584\"><strong>Conselho Consultivo Presidente<\/strong><\/td>\n<\/tr>\n<tr>\n<td width=\"525\"><strong>Beirat<\/strong><\/td>\n<td width=\"600\"><strong>Dr. Manuel da Silva Alexandre<\/strong><\/td>\n<td width=\"584\"><strong>Conselho consultivo <\/strong><\/td>\n<\/tr>\n<tr>\n<td width=\"525\"><strong>Beirat<\/strong><\/td>\n<td width=\"600\"><strong>Cesar Valentim<\/strong><\/td>\n<td width=\"584\"><strong>Conselho consultivo <\/strong><\/td>\n<\/tr>\n<tr>\n<td width=\"525\"><strong>Ehrenpr\u00e4sident<\/strong><\/td>\n<td width=\"600\"><strong>Dr. Manuel da Silva Alexandre<\/strong><\/td>\n<td width=\"584\"><strong>Presidente Honor\u00e1rio <\/strong><\/td>\n<\/tr>\n<tr>\n<td width=\"525\"><strong>Ehrenpr\u00e4sident<\/strong><\/td>\n<td width=\"600\"><strong>Gerhard Schiesser<\/strong><\/td>\n<td width=\"584\"><strong>Presidente Honor\u00e1rio <\/strong><\/td>\n<\/tr>\n<tr>\n<td width=\"525\"><strong>Unterricht \/ Verantwortlicher f\u00fcr Reservierungen, Terminkoordination, Zugangsbeauftragter und Bibliothekar<\/strong><\/td>\n<td width=\"600\"><strong>Hugo Viera Wilm da Silva<\/strong><\/td>\n<td width=\"584\"><strong>Ensino<\/strong><strong>Respons\u00e1vel para as reservas, coordenador de marca\u00e7\u00f5es, respons\u00e1vel pelo acesso e bibliotec\u00e1rio <\/strong><\/td>\n<\/tr>\n<tr>\n<td width=\"525\"><strong>\u00a0Betreuung der Mitglieder und Schriftf\u00fchrerin<\/strong><\/td>\n<td width=\"600\"><strong>Sabine Kandeler<\/strong><\/td>\n<td width=\"584\"><strong>Apoio aos membros e secretariado<\/strong><\/td>\n<\/tr>\n<tr>\n<td width=\"525\"><strong>Schiedsgericht<\/strong><\/td>\n<td width=\"600\"><strong>Hans Paul Strobl<\/strong><\/td>\n<td width=\"584\"><strong>Tribunal de arbitragem<\/strong><\/td>\n<\/tr>\n<tr>\n<td width=\"525\"><strong>\u00a0<\/strong><\/td>\n<td width=\"600\"><strong>\u00a0<\/strong><\/td>\n<td width=\"584\"><strong>\u00a0<\/strong><\/td>\n<\/tr>\n<\/tbody>\n<\/table>\n<p style=\"font-weight: 400;\">","protected":false},"excerpt":{"rendered":"<p>Pr\u00e4sident, Vorstand Dr. Marcos Boskamp Alexandre Presidente Vizepr\u00e4sident, Vorstand Senator h.c. Walter J. Gerbautz Vice-presidente Kassier\/in Mag. Michaela Mittermayr Tesoureiro&hellip;<\/p>\n","protected":false},"author":1,"featured_media":0,"parent":0,"menu_order":0,"comment_status":"closed","ping_status":"closed","template":"","meta":{"footnotes":""},"class_list":["post-39","page","type-page","status-publish","hentry"],"_links":{"self":[{"href":"https:\/\/www.portugalaustria.at\/de-at\/wp-json\/wp\/v2\/pages\/39","targetHints":{"allow":["GET"]}}],"collection":[{"href":"https:\/\/www.portugalaustria.at\/de-at\/wp-json\/wp\/v2\/pages"}],"about":[{"href":"https:\/\/www.portugalaustria.at\/de-at\/wp-json\/wp\/v2\/types\/page"}],"author":[{"embeddable":true,"href":"https:\/\/www.portugalaustria.at\/de-at\/wp-json\/wp\/v2\/users\/1"}],"replies":[{"embeddable":true,"href":"https:\/\/www.portugalaustria.at\/de-at\/wp-json\/wp\/v2\/comments?post=39"}],"version-history":[{"count":22,"href":"https:\/\/www.portugalaustria.at\/de-at\/wp-json\/wp\/v2\/pages\/39\/revisions"}],"predecessor-version":[{"id":1234,"href":"https:\/\/www.portugalaustria.at\/de-at\/wp-json\/wp\/v2\/pages\/39\/revisions\/1234"}],"wp:attachment":[{"href":"https:\/\/www.portugalaustria.at\/de-at\/wp-json\/wp\/v2\/media?parent=39"}],"curies":[{"name":"wp","href":"https:\/\/api.w.org\/{rel}","templated":true}]}}