{"id":47,"date":"2018-02-14T07:23:56","date_gmt":"2018-02-14T06:23:56","guid":{"rendered":"http:\/\/www.portugalaustria.at\/de-at\/?page_id=47"},"modified":"2026-05-02T10:14:26","modified_gmt":"2026-05-02T08:14:26","slug":"portugiesisch-lernen","status":"publish","type":"page","link":"https:\/\/www.portugalaustria.at\/de-at\/portugiesisch-lernen\/","title":{"rendered":"Portugiesisch Unterricht"},"content":{"rendered":"<div id=\"pl-47\" class=\"panel-layout\">\n<div id=\"pg-47-0\" class=\"panel-grid panel-no-style\">\n<div id=\"pgc-47-0-0\" class=\"panel-grid-cell\" data-weight=\"1\">\n<div id=\"panel-47-0-0-0\" class=\"so-panel widget widget_sow-editor panel-first-child panel-last-child\" data-index=\"0\" data-style=\"{&quot;background_image_attachment&quot;:false,&quot;background_display&quot;:&quot;tile&quot;,&quot;font_color&quot;:&quot;#000000&quot;}\">\n<div class=\"panel-widget-style panel-widget-style-for-47-0-0-0\">\n<div class=\"so-widget-sow-editor so-widget-sow-editor-base\">\n<div class=\"siteorigin-widget-tinymce textwidget\">\n<h5><\/h5>\n<h2><\/h2>\n<h2><\/h2>\n<h2><\/h2>\n<h2><\/h2>\n<h2><\/h2>\n<h2><\/h2>\n<h2><\/h2>\n<h2><\/h2>\n<h2><\/h2>\n<h2><\/h2>\n<h2><\/h2>\n<h2><\/h2>\n<h2><\/h2>\n<h2><\/h2>\n<h2><\/h2>\n<h2><\/h2>\n<h2><\/h2>\n<h2><\/h2>\n<h2><\/h2>\n<h2><\/h2>\n<h2><\/h2>\n<h2><\/h2>\n<h2><\/h2>\n<h2><\/h2>\n<h2><\/h2>\n<h2><\/h2>\n<h2><\/h2>\n<h2><\/h2>\n<h2><\/h2>\n<h2><\/h2>\n<h2><\/h2>\n<h2><\/h2>\n<h2><\/h2>\n<h2><\/h2>\n<h2><\/h2>\n<h2><\/h2>\n<h2><\/h2>\n<h2><\/h2>\n<h2><\/h2>\n<h2><\/h2>\n<h2><\/h2>\n<h2><\/h2>\n<h2><\/h2>\n<h2><\/h2>\n<h2><\/h2>\n<h2><\/h2>\n<h2><\/h2>\n<h2><\/h2>\n<h2><\/h2>\n<h2><\/h2>\n<h2><\/h2>\n<h2><\/h2>\n<h2><\/h2>\n<h2><\/h2>\n<h2><\/h2>\n<h2><\/h2>\n<h2><\/h2>\n<h2><\/h2>\n<h2><\/h2>\n<h2><\/h2>\n<h2><\/h2>\n<h2><\/h2>\n<h2><\/h2>\n<h2><\/h2>\n<h2><\/h2>\n<h2><\/h2>\n<h2><\/h2>\n<h2><\/h2>\n<h2><\/h2>\n<h2><\/h2>\n<h2><\/h2>\n<h2><\/h2>\n<h2><\/h2>\n<h2><\/h2>\n<h2><\/h2>\n<h2><\/h2>\n<h2><\/h2>\n<h2><\/h2>\n<h2><\/h2>\n<h2><\/h2>\n<h2><\/h2>\n<h2><\/h2>\n<h2><\/h2>\n<h2><\/h2>\n<h2><\/h2>\n<h2><\/h2>\n<h2><\/h2>\n<h2><\/h2>\n<h2><\/h2>\n<h2><\/h2>\n<h2><\/h2>\n<h2><\/h2>\n<h2><\/h2>\n<h2><\/h2>\n<h2><\/h2>\n<h2><\/h2>\n<h2><\/h2>\n<h2><\/h2>\n<h2><\/h2>\n<h2><\/h2>\n<h2><\/h2>\n<h2><\/h2>\n<h2><\/h2>\n<h2><\/h2>\n<h2><\/h2>\n<h2><\/h2>\n<h2><\/h2>\n<h2><\/h2>\n<h2><\/h2>\n<h2><\/h2>\n<h2><\/h2>\n<h2><\/h2>\n<h2><\/h2>\n<h2><\/h2>\n<h2><\/h2>\n<h2><\/h2>\n<h2><\/h2>\n<h2><\/h2>\n<h2><\/h2>\n<h2><\/h2>\n<h2><\/h2>\n<h2><\/h2>\n<h2><\/h2>\n<h2><\/h2>\n<h2><\/h2>\n<h2><\/h2>\n<h2><\/h2>\n<h2><\/h2>\n<h2><\/h2>\n<h2><\/h2>\n<h2><\/h2>\n<h2><\/h2>\n<h2><\/h2>\n<h2><\/h2>\n<h2><\/h2>\n<h2><\/h2>\n<h2><\/h2>\n<h2><\/h2>\n<\/div>\n<\/div>\n<\/div>\n<\/div>\n<h2><\/h2>\n<\/div>\n<\/div>\n<\/div>\n<h2 style=\"text-align: center;\"><img loading=\"lazy\" decoding=\"async\" class=\"aligncenter  wp-image-1316\" src=\"https:\/\/www.portugalaustria.at\/de-at\/wp-content\/uploads\/2026\/05\/ZERTEREAL-500x220.jpg\" alt=\"\" width=\"587\" height=\"258\" srcset=\"https:\/\/www.portugalaustria.at\/de-at\/wp-content\/uploads\/2026\/05\/ZERTEREAL-500x220.jpg 500w, https:\/\/www.portugalaustria.at\/de-at\/wp-content\/uploads\/2026\/05\/ZERTEREAL.jpg 502w\" sizes=\"auto, (max-width: 587px) 100vw, 587px\" \/><\/h2>\n<div id=\"pl-47\" class=\"panel-layout\">\n<p>&nbsp;<\/p>\n<div id=\"pg-47-0\" class=\"panel-grid panel-no-style\">\n<div id=\"pgc-47-0-0\" class=\"panel-grid-cell\" data-weight=\"1\">\n<div id=\"panel-47-0-0-0\" class=\"so-panel widget widget_sow-editor panel-first-child panel-last-child\" data-index=\"0\" data-style=\"{&quot;background_image_attachment&quot;:false,&quot;background_display&quot;:&quot;tile&quot;,&quot;font_color&quot;:&quot;#000000&quot;}\">\n<div class=\"panel-widget-style panel-widget-style-for-47-0-0-0\">\n<div class=\"so-widget-sow-editor so-widget-sow-editor-base\">\n<div class=\"siteorigin-widget-tinymce textwidget\">\n<h5 style=\"text-align: center;\"><span style=\"color: #008080;\">Lernen Sie europ\u00e4isches Portugiesisch in Wiens einzigartiger Lernumgebung. Bei uns erleben Sie die Sprache in einem authentischen kulturellen Kontext!<\/span><\/h5>\n<p>&nbsp;<\/p>\n<\/div>\n<p style=\"text-align: center;\"><img loading=\"lazy\" decoding=\"async\" class=\"aligncenter  wp-image-1320\" src=\"https:\/\/www.portugalaustria.at\/de-at\/wp-content\/uploads\/2026\/05\/NEONCOOLREAL.jpg\" alt=\"\" width=\"285\" height=\"177\" \/><\/p>\n<div class=\"siteorigin-widget-tinymce textwidget\">\n<p>&nbsp;<\/p>\n<\/div>\n<div class=\"siteorigin-widget-tinymce textwidget\">\n<p>\ud83c\udf93 <strong>Kurse A1 bis C2<\/strong> (Piaristengasse 34 oder Online) &#8211; Portugiesischkurse mit qualifiziertem Lehrer\/ Master (MA) Portugiesisch als Fremdsprache (PLE) &#8211; Universidade Aberta \/ CIAL &#8211; Gemeinsame Europ\u00e4ische Referenzrahmen f\u00fcr Sprachen (GER)<\/p>\n<p>\ud83d\udde3\ufe0f <strong>Sprachcaf\u00e9<\/strong> &#8211; Konversation in entspannter Runde<\/p>\n<p>\ud83c\udfad <strong>Kulturevents<\/strong> &#8211; Portugal erleben und verstehen<\/p>\n<p>\ud83d\udcda <strong>Bibliothek<\/strong> &#8211; Wiens einzige portugiesische Sammlung<\/p>\n<\/div>\n<\/div>\n<p>&nbsp;<\/p>\n<div class=\"so-widget-sow-editor so-widget-sow-editor-base\">\n<div class=\"siteorigin-widget-tinymce textwidget\">\n<h2><img loading=\"lazy\" decoding=\"async\" class=\"wp-image-1165 aligncenter\" src=\"https:\/\/www.portugalaustria.at\/de-at\/wp-content\/uploads\/2026\/01\/ChatGPT-Image-14_01_2026-09_40_11.png\" alt=\"\" width=\"223\" height=\"223\" srcset=\"https:\/\/www.portugalaustria.at\/de-at\/wp-content\/uploads\/2026\/01\/ChatGPT-Image-14_01_2026-09_40_11.png 1024w, https:\/\/www.portugalaustria.at\/de-at\/wp-content\/uploads\/2026\/01\/ChatGPT-Image-14_01_2026-09_40_11-300x300.png 300w, https:\/\/www.portugalaustria.at\/de-at\/wp-content\/uploads\/2026\/01\/ChatGPT-Image-14_01_2026-09_40_11-150x150.png 150w, https:\/\/www.portugalaustria.at\/de-at\/wp-content\/uploads\/2026\/01\/ChatGPT-Image-14_01_2026-09_40_11-768x768.png 768w\" sizes=\"auto, (max-width: 223px) 100vw, 223px\" \/><\/h2>\n<\/div>\n<div class=\"siteorigin-widget-tinymce textwidget\">\n<p>&nbsp;<\/p>\n<p style=\"text-align: center;\"><img loading=\"lazy\" decoding=\"async\" class=\"aligncenter  wp-image-1318\" src=\"https:\/\/www.portugalaustria.at\/de-at\/wp-content\/uploads\/2026\/05\/saladeaulareal.png\" alt=\"\" width=\"228\" height=\"141\" \/><\/p>\n<\/div>\n<\/div>\n<\/div>\n<div class=\"panel-widget-style panel-widget-style-for-47-0-0-0\">\n<p>&nbsp;<\/p>\n<p style=\"text-align: center;\"><strong style=\"font-size: 1rem;\">INFOS &#8211; SOFORTIGE ANMELDUNG<\/strong> <strong style=\"font-size: 1rem;\">&#8211; PROBESTUNDE\u00a0<\/strong><\/p>\n<p style=\"text-align: center;\">Tel. \/ WhatsApp &#8211; 0699\/18184184 \/<a style=\"font-size: revert;\" href=\"mailto:portugiesisch@proton.me\">portugiesisch@proton.me<\/a><\/p>\n<\/div>\n<\/div>\n<\/div>\n<\/div>\n<\/div>\n<p>&nbsp;<\/p>\n<div id=\"pl-47\" class=\"panel-layout\">\n<div id=\"pg-47-0\" class=\"panel-grid panel-no-style\">\n<div id=\"pgc-47-0-0\" class=\"panel-grid-cell\" data-weight=\"1\">\n<div id=\"panel-47-0-0-0\" class=\"so-panel widget widget_sow-editor panel-first-child panel-last-child\" data-index=\"0\" data-style=\"{&quot;background_image_attachment&quot;:false,&quot;background_display&quot;:&quot;tile&quot;,&quot;font_color&quot;:&quot;#000000&quot;}\">\n<div class=\"panel-widget-style panel-widget-style-for-47-0-0-0\">\n<h1 style=\"text-align: center;\"><strong>Bem-vindo!<\/strong><\/h1>\n<p>&nbsp;<\/p>\n<\/div>\n<\/div>\n<\/div>\n<\/div>\n<\/div>\n<div id=\"pl-47\" class=\"panel-layout\">\n<div id=\"pg-47-0\" class=\"panel-grid panel-no-style\">\n<div id=\"pgc-47-0-0\" class=\"panel-grid-cell\" data-weight=\"1\">\n<div id=\"panel-47-0-0-0\" class=\"so-panel widget widget_sow-editor panel-first-child panel-last-child\" data-index=\"0\" data-style=\"{&quot;background_image_attachment&quot;:false,&quot;background_display&quot;:&quot;tile&quot;,&quot;font_color&quot;:&quot;#000000&quot;}\">\n<div class=\"panel-widget-style panel-widget-style-for-47-0-0-0\">\n<div class=\"so-widget-sow-editor so-widget-sow-editor-base\">\n<div class=\"siteorigin-widget-tinymce textwidget\">\n<h4>Fala portugu\u00eas?<\/h4>\n<p>Portugiesisch ist mit mehr als 273 Millionen Sprecher-innen und Sprechern die am f\u00fcnfth\u00e4ufigsten gesprochene Sprache der Welt und vereint die unterschiedlichsten Kulturen aus insgesamt f\u00fcnf Kontinenten.<\/p>\n<h4>Portugiesisch lernen nach Ihren Bed\u00fcrfnissen<\/h4>\n<p>Ob f\u00fcr den Beruf oder den privaten Gebrauch \u2013 f\u00fcr einen schnellen Einstieg in die portugiesische Sprache oder um bereits vorhandene Sprachkenntnisse zu verbessern, bieten wir Einzelunterricht mit einem individuellen und auf Ihre Bed\u00fcrfnisse abgestimmten Lernprogramm sowie regelm\u00e4\u00dfige Kleingruppenkurse.<\/p>\n<h4>Mit bew\u00e4hrten Methoden zu schnellen Erfolgen<\/h4>\n<p>Egal, ob Sie den Schwerpunkt auf Konversation legen oder die schriftliche Form vertiefen m\u00f6chten \u2013 mit zuverl\u00e4ssigen Methoden helfen wir Ihnen auf einfache und effektive Weise zu raschen Fortschritten. Die Freude am Lernen sollte dabei nicht zu kurz kommen: Im flexiblen Umgang mit den B\u00fcchern passen wir uns Ihren W\u00fcnschen an und erg\u00e4nzen diese etwa um ein bestimmtes Vokabular oder einen gew\u00fcnschten Stil \u2013 ganz wie Sie es brauchen.<\/p>\n<\/div>\n<\/div>\n<div class=\"so-widget-sow-editor so-widget-sow-editor-base\">\n<p>&nbsp;<\/p>\n<p style=\"text-align: center;\"><strong style=\"color: #008000; font-size: 1.5em;\">Mehr als Unterricht &#8211; eine kulturelle Erfahrung!<\/strong><\/p>\n<\/div>\n<h5><\/h5>\n<div class=\"so-widget-sow-editor so-widget-sow-editor-base\">\n<div class=\"siteorigin-widget-tinymce textwidget\">\n<p>&nbsp;<\/p>\n<\/div>\n<\/div>\n<p><img loading=\"lazy\" decoding=\"async\" class=\"aligncenter size-medium wp-image-1200\" src=\"https:\/\/www.portugalaustria.at\/de-at\/wp-content\/uploads\/2026\/01\/Biblioteca-de-aprendizagem-de-portugues-300x200.png\" alt=\"\" width=\"300\" height=\"200\" srcset=\"https:\/\/www.portugalaustria.at\/de-at\/wp-content\/uploads\/2026\/01\/Biblioteca-de-aprendizagem-de-portugues-300x200.png 300w, https:\/\/www.portugalaustria.at\/de-at\/wp-content\/uploads\/2026\/01\/Biblioteca-de-aprendizagem-de-portugues-1024x683.png 1024w, https:\/\/www.portugalaustria.at\/de-at\/wp-content\/uploads\/2026\/01\/Biblioteca-de-aprendizagem-de-portugues-768x512.png 768w, https:\/\/www.portugalaustria.at\/de-at\/wp-content\/uploads\/2026\/01\/Biblioteca-de-aprendizagem-de-portugues.png 1536w\" sizes=\"auto, (max-width: 300px) 100vw, 300px\" \/><\/p>\n<\/div>\n<\/div>\n<\/div>\n<\/div>\n<\/div>\n<div class=\"panel-grid-cell\" data-weight=\"1\"><\/div>\n<div id=\"pl-47\" class=\"panel-layout\">\n<div id=\"pg-47-0\" class=\"panel-grid panel-no-style\">\n<div id=\"pgc-47-0-0\" class=\"panel-grid-cell\" data-weight=\"1\">\n<div id=\"panel-47-0-0-0\" class=\"so-panel widget widget_sow-editor panel-first-child panel-last-child\" data-index=\"0\" data-style=\"{&quot;background_image_attachment&quot;:false,&quot;background_display&quot;:&quot;tile&quot;,&quot;font_color&quot;:&quot;#000000&quot;}\">\n<div class=\"panel-widget-style panel-widget-style-for-47-0-0-0\">\n<div class=\"so-widget-sow-editor so-widget-sow-editor-base\">\n<div class=\"siteorigin-widget-tinymce textwidget\">\n<h1><\/h1>\n<h1 style=\"text-align: left;\"><span style=\"color: #ff0000;\">KURSE 2026<\/span><\/h1>\n<\/div>\n<\/div>\n<\/div>\n<p style=\"font-weight: 400;\">Das Unterrichtsmodell der \u00d6PG basiert auf modernsten p\u00e4dagogischen Prozessen. <strong>Das Ziel ist, so schnell wie m\u00f6glich effektiv auf Portugiesisch zu kommunizieren<\/strong>. Bei Erwachsenen sind kognitive und Lernprozesse h\u00f6chst individuell und unterschiedlich, und die effektivste Methode, diese zu f\u00f6rdern, ist die Anpassung des Unterrichts an ihre pers\u00f6nlichen und spezifischen Bed\u00fcrfnisse. Daher arbeiten wir mit einem Coaching-Modell, das die Bedeutung des immersiven sozialen Aspekts nicht vernachl\u00e4ssigt. Unsere <strong>10er-Karte<\/strong> (die einem europ\u00e4ischen Lernniveau entspricht) erm\u00f6glicht einen individuellen, <strong>flexiblen Unterricht<\/strong>, ob pers\u00f6nlich oder online, erg\u00e4nzt durch regelm\u00e4\u00dfige Gruppenaktivit\u00e4ten der \u00d6PG wie das Sprachcaf\u00e9 sowie zahlreiche kulturelle Veranstaltungen auf Portugiesisch, bei denen Sie regelm\u00e4\u00dfig mit anderen Lernenden und Muttersprachlern zusammenkommen k\u00f6nnen. Im Gegensatz dazu verwenden traditionelle Gruppenkurse ein Standardmodell, das auf alle Lernenden gleicherma\u00dfen angewendet wird \u2013 ungeachtet ihrer Besonderheiten \u2013, mit geringem kommunikativem Erfolg und oft h\u00f6heren Kosten aufgrund langer Kursdauern, was h\u00e4ufig teurer sein kann. <strong>Wir bieten qualitativ hochwertigen Unterricht, strukturiert von diplomierten Fachkr\u00e4ften im Bereich Portugiesisch als Fremdsprache (PLE), mit schnellen und garantierten Ergebnissen, unterst\u00fctzt durch ein gemischtes Angebot aus solider Pr\u00e4senz- und\/oder Online-Lehre.<\/strong><\/p>\n<p>&nbsp;<\/p>\n<\/div>\n<\/div>\n<\/div>\n<\/div>\n<p style=\"text-align: center;\"><img loading=\"lazy\" decoding=\"async\" class=\"wp-image-1213 alignleft\" src=\"https:\/\/www.portugalaustria.at\/de-at\/wp-content\/uploads\/2026\/01\/DIF-500x475.jpg\" alt=\"\" width=\"126\" height=\"120\" srcset=\"https:\/\/www.portugalaustria.at\/de-at\/wp-content\/uploads\/2026\/01\/DIF-500x475.jpg 500w, https:\/\/www.portugalaustria.at\/de-at\/wp-content\/uploads\/2026\/01\/DIF-1024x973.jpg 1024w, https:\/\/www.portugalaustria.at\/de-at\/wp-content\/uploads\/2026\/01\/DIF-768x730.jpg 768w, https:\/\/www.portugalaustria.at\/de-at\/wp-content\/uploads\/2026\/01\/DIF-1536x1459.jpg 1536w, https:\/\/www.portugalaustria.at\/de-at\/wp-content\/uploads\/2026\/01\/DIF-1600x1520.jpg 1600w, https:\/\/www.portugalaustria.at\/de-at\/wp-content\/uploads\/2026\/01\/DIF.jpg 2026w\" sizes=\"auto, (max-width: 126px) 100vw, 126px\" \/><img loading=\"lazy\" decoding=\"async\" class=\"alignleft  wp-image-1214\" src=\"https:\/\/www.portugalaustria.at\/de-at\/wp-content\/uploads\/2026\/01\/CARTAO-500x470.jpg\" alt=\"\" width=\"126\" height=\"118\" srcset=\"https:\/\/www.portugalaustria.at\/de-at\/wp-content\/uploads\/2026\/01\/CARTAO-500x470.jpg 500w, https:\/\/www.portugalaustria.at\/de-at\/wp-content\/uploads\/2026\/01\/CARTAO-1024x962.jpg 1024w, https:\/\/www.portugalaustria.at\/de-at\/wp-content\/uploads\/2026\/01\/CARTAO-768x722.jpg 768w, https:\/\/www.portugalaustria.at\/de-at\/wp-content\/uploads\/2026\/01\/CARTAO-1536x1443.jpg 1536w, https:\/\/www.portugalaustria.at\/de-at\/wp-content\/uploads\/2026\/01\/CARTAO-1600x1504.jpg 1600w, https:\/\/www.portugalaustria.at\/de-at\/wp-content\/uploads\/2026\/01\/CARTAO.jpg 2041w\" sizes=\"auto, (max-width: 126px) 100vw, 126px\" \/><\/p>\n<div id=\"pl-47\" class=\"panel-layout\">\n<div id=\"pg-47-0\" class=\"panel-grid panel-no-style\">\n<div id=\"pgc-47-0-0\" class=\"panel-grid-cell\" data-weight=\"1\">\n<div id=\"panel-47-0-0-0\" class=\"so-panel widget widget_sow-editor panel-first-child panel-last-child\" data-index=\"0\" data-style=\"{&quot;background_image_attachment&quot;:false,&quot;background_display&quot;:&quot;tile&quot;,&quot;font_color&quot;:&quot;#000000&quot;}\">\n<p>&nbsp;<\/p>\n<p>&nbsp;<\/p>\n<p>&nbsp;<\/p>\n<p>&nbsp;<\/p>\n<p style=\"font-weight: 400;\">Kontaktieren Sie uns und erwerben Sie sofort unsere 10er-Karte &#8211; <a href=\"mailto:portugiesisch@proton.me\">portugiesisch@proton.me<\/a> \/ WhatsApp 069918184184 <strong>Dann m\u00fcssen Sie nur noch die erste Unterrichtsstunde mit dem Lehrer vereinbaren, Ihre Ziele festlegen und sich \u00fcberlegen, ab wann Sie wirklich Portugiesisch sprechen m\u00f6chten!\u00a0<\/strong><\/p>\n<\/div>\n<\/div>\n<div id=\"pgc-47-0-0\" class=\"panel-grid-cell\" data-weight=\"1\">\n<div id=\"panel-47-0-0-0\" class=\"so-panel widget widget_sow-editor panel-first-child panel-last-child\" data-index=\"0\" data-style=\"{&quot;background_image_attachment&quot;:false,&quot;background_display&quot;:&quot;tile&quot;,&quot;font_color&quot;:&quot;#000000&quot;}\">\n<div class=\"panel-widget-style panel-widget-style-for-47-0-0-0\">\n<div class=\"so-widget-sow-editor so-widget-sow-editor-base\">\n<div class=\"siteorigin-widget-tinymce textwidget\">\n<p><strong>Internationale Standards nach dem Europ\u00e4ischen Level-System (GER \u2013 Europ\u00e4ischer Referenzrahmen) A1 bis C2 &#8211; Jederzeit einsteigen\u00a0<\/strong><\/p>\n<\/div>\n<\/div>\n<\/div>\n<\/div>\n<p><img loading=\"lazy\" decoding=\"async\" class=\"alignleft size-full wp-image-1215\" src=\"https:\/\/www.portugalaustria.at\/de-at\/wp-content\/uploads\/2026\/01\/Unknown.png\" alt=\"\" width=\"330\" height=\"153\" \/><\/p>\n<div id=\"panel-47-0-0-0\" class=\"so-panel widget widget_sow-editor panel-first-child panel-last-child\" data-index=\"0\" data-style=\"{&quot;background_image_attachment&quot;:false,&quot;background_display&quot;:&quot;tile&quot;,&quot;font_color&quot;:&quot;#000000&quot;}\">\n<div class=\"panel-widget-style panel-widget-style-for-47-0-0-0\">\n<div class=\"so-widget-sow-editor so-widget-sow-editor-base\">\n<div class=\"siteorigin-widget-tinymce textwidget\">\n<p>&nbsp;<\/p>\n<p>&nbsp;<\/p>\n<p>&nbsp;<\/p>\n<p>&nbsp;<\/p>\n<p><strong>A1.1 &#8211; 10X50min.<\/strong><\/p>\n<p><strong>A1.2 &#8211; 10X50min.<\/strong><\/p>\n<p><strong>B1.1- \u00a010x50min.<\/strong><\/p>\n<p><strong>B1.2 &#8211; 10X50min.<\/strong><\/p>\n<p><strong>B2.1 &#8211; 10X50min.<\/strong><\/p>\n<p><strong>B2.2 &#8211; 10X50min.<\/strong><\/p>\n<p><strong>C1.1 &#8211; 10X50min.<\/strong><\/p>\n<p><strong>C1.2 &#8211; 10X50min.<\/strong><\/p>\n<p><strong>C2<\/strong><\/p>\n<p>&nbsp;<\/p>\n<p><strong>Weitere Kurse: \u00a0Perfektion, Konversation<\/strong><\/p>\n<\/div>\n<p>Vor der Teilnahme an den Kursen wird kostenlos ein Einstufungstest vorgenommen. Wenn Sie sich f\u00fcr einen der Kurse interessieren, schreiben Sie bitte an: <a href=\"mailto:portugiesisch@proton.me\">portugiesisch@proton.me<\/a><\/p>\n<\/div>\n<\/div>\n<\/div>\n<\/div>\n<\/div>\n<\/div>\n<div id=\"pl-47\" class=\"panel-layout\">\n<div id=\"pg-47-0\" class=\"panel-grid panel-no-style\">\n<div id=\"pgc-47-0-0\" class=\"panel-grid-cell\" data-weight=\"1\">\n<p><img loading=\"lazy\" decoding=\"async\" class=\"alignnone  wp-image-748\" src=\"https:\/\/www.portugalaustria.at\/de-at\/wp-content\/uploads\/2020\/08\/hugo_vieira_da_silva_portrait_picture-150x150.jpg\" alt=\"\" width=\"105\" height=\"105\" \/><img loading=\"lazy\" decoding=\"async\" class=\"alignnone  wp-image-1057\" src=\"https:\/\/www.portugalaustria.at\/de-at\/wp-content\/uploads\/2025\/11\/oepgboard-246x300.jpg\" alt=\"\" width=\"86\" height=\"105\" srcset=\"https:\/\/www.portugalaustria.at\/de-at\/wp-content\/uploads\/2025\/11\/oepgboard-246x300.jpg 246w, https:\/\/www.portugalaustria.at\/de-at\/wp-content\/uploads\/2025\/11\/oepgboard-841x1024.jpg 841w, https:\/\/www.portugalaustria.at\/de-at\/wp-content\/uploads\/2025\/11\/oepgboard-768x935.jpg 768w, https:\/\/www.portugalaustria.at\/de-at\/wp-content\/uploads\/2025\/11\/oepgboard-1262x1536.jpg 1262w, https:\/\/www.portugalaustria.at\/de-at\/wp-content\/uploads\/2025\/11\/oepgboard-1682x2048.jpg 1682w, https:\/\/www.portugalaustria.at\/de-at\/wp-content\/uploads\/2025\/11\/oepgboard-1600x1948.jpg 1600w\" sizes=\"auto, (max-width: 86px) 100vw, 86px\" \/><\/p>\n<div id=\"panel-47-0-0-0\" class=\"so-panel widget widget_sow-editor panel-first-child panel-last-child\" data-index=\"0\" data-style=\"{&quot;background_image_attachment&quot;:false,&quot;background_display&quot;:&quot;tile&quot;,&quot;font_color&quot;:&quot;#000000&quot;}\">\n<div class=\"panel-widget-style panel-widget-style-for-47-0-0-0\">\n<div class=\"so-widget-sow-editor so-widget-sow-editor-base\">\n<div class=\"siteorigin-widget-tinymce textwidget\">\n<p><span style=\"color: #000000;\">Lehrer: Mag. H.Vieira \u2013 <strong>Master (MA) in Portugiesisch als Fremdsprache \u00a0(PLE) an der Universidade Aberta &#8211; Lissabon. Ausbildung zum Trainer f\u00fcr Portugiesisch als Fremdsprache am Institut CIAL- Lissabon<\/strong>. Studium der Rechtswissenschaften (Universidade Cat\u00f3lica Portuguesa \u2013 Porto) und Master (MA) in Film (Escola Superior de Teatro e Cinema \u2013 Lisboa). Seit 2010 unterrichtet er Portugiesisch an unterschiedlichen Instituten.<\/span><\/p>\n<\/div>\n<div class=\"siteorigin-widget-tinymce textwidget\">\n<div>\n<ul>\n<li>\n<div>\n<ul>\n<li><\/li>\n<\/ul>\n<\/div>\n<\/li>\n<\/ul>\n<\/div>\n<p><span style=\"color: #ff0000;\"><strong>KURSB\u00dcCHER<\/strong><\/span><\/p>\n<p><strong>Kursb\u00fccher<\/strong>: Die Arbeitsb\u00fccher sind nicht im Kursbeitrag inkludiert. Wir informieren Sie, wo Sie die B\u00fccher besorgen k\u00f6nnen<\/p>\n<p><span style=\"color: #0000ff;\"><strong><span style=\"color: #ff0000;\">INHALT &#8211; \u00d6PG KURSE<\/span><br \/>\n<\/strong><\/span><\/p>\n<p><strong>A1.1\/A1.2<\/strong><\/p>\n<p>Sie verstehen vertraute, allt\u00e4gliche Ausdr\u00fccke und k\u00f6nnen ganz einfach S\u00e4tze verstehen und verwenden, die auf die Befriedigung konkreter Bed\u00fcrfnisse ausgerichtet sind. Ebenfalls k\u00f6nnen Sie sich vorstellen, wo Sie wohnen, was Ihre Hobbies sind \u2013 somit die elementaren Dinge in der jeweiligen Fremdsprache zum Ausdruck bringen<\/p>\n<p>Adjetivo (g\u00e9nero e n\u00famero), artigos definidos e indefinidos, adv\u00e9rbios de lugar e quantidade, concord\u00e2ncia do adjetivo com o substantivo, demonstrativos vari\u00e1veis e invari\u00e1veis (determinantes e pronomes), interrogativos, numerais, possessivos (determinantes e pronomes), preposi\u00e7\u00f5es (tempo, lugar e movimento), pronomes de objeto direto e indireto, substantivos (g\u00e9nero e nome), verbos: modo indicativo (presente, pret\u00e9rito perfeito simples e pret\u00e9rito imperfeito), modo imperativo, estar+a+infinitivo, ir+infinitivo, ter de+infinitivo<\/p>\n<p><strong>A2.1\/A2.2<\/strong><\/p>\n<p>Sie k\u00f6nnen an Gespr\u00e4chen zu allt\u00e4glichen Themen teilnehmen, allgemeinsprachlich k\u00f6nnen Sie S\u00e4tze und h\u00e4ufig gebrauchte Ausdr\u00fccke verstehen, die mit Bereichen von ganz unmittelbarer Bedeutung zusammenh\u00e4ngen. Ebenso k\u00f6nnen Sie sich vor allem in routine\u00fcblichen Alltagssituationen verst\u00e4ndigen<\/p>\n<p>Pronomes pessoais regidos de preposi\u00e7\u00e3o, modo indicativo (pret\u00e9rito imperfeito, pret\u00e9rito perfeito composto, pret\u00e9rito mais-que-perfeito composto, futuro imperfeito, condicional I, Infinitivo pessoal, ger\u00fandio, discurso direto e indireto, voz ativa e passiva, conetores discursivos<\/p>\n<p><strong>B1.1\/B1.2<\/strong><\/p>\n<p>Generell k\u00f6nnen Sie m\u00fchelos und fehlerfrei allt\u00e4glichen Konversationen folgen sowie diesbez\u00fcglich Texte schreiben. Vom Verst\u00e4ndnis k\u00f6nnen Sie der Alltagssprache gut folgen, sofern keine verf\u00e4lschenden Akzente verwendet werden<\/p>\n<p>Infinitivo pessoal\/ Presente do conjuntivo, Presente do Conjuntivo\/ imperfeito\/ Futuro do conjuntivo, verbos derivados, verbos seguidos de preposi\u00e7\u00e3o, discurso indireto, interrogativas diretas e indiretas, conetores discursivos, frases condicionais, se+futuro do conjuntivo\/imperfeito do conjuntivo\/ pret\u00e9rito-mais-que-perfeito composto do conjuntivo<\/p>\n<p><strong>B2.1\/B2.2<\/strong><\/p>\n<p>Ihre sprachlichen F\u00e4higkeiten sind gut ausgebildet: Sie k\u00f6nnen nahezu m\u00fchelos sowie fehlerfrei allt\u00e4glichen Konversationen folgen sowie alltagsbezogene Texte verfassen. Auch komplexere Texte zu konkreten als auch eher abstrakten Themenbereichen k\u00f6nnen Sie vom Verst\u00e4ndnis folgen, sodass Sie sich auch mit Muttersprachlern durchaus verst\u00e4ndigen k\u00f6nnen<\/p>\n<p>Pret\u00e9rito perfeito composto, Condicional II, Infinitivo pessoal II, Ger\u00fandio II, conetores discursivos<\/p>\n<p><strong>C1<\/strong><\/p>\n<p>Sie haben sehr ausgepr\u00e4gte, tiefgehende Kenntnisse der jeweiligen Fremdsprache: einheimische Literatur bereitet Ihnen keine Probleme, bei anspruchsvoller, l\u00e4ngerer Literatur verstehen Sie auch die impliziten Zusammenh\u00e4nge. Redewendungen sowie auch ausgefallenere Phrasen geh\u00f6ren ebenfalls zu Ihrem aktiven Wortschatz<\/p>\n<p>Consolida\u00e7\u00e3o dos conte\u00fados dos n\u00edveis anteriores, express\u00f5es idiom\u00e1ticas, prov\u00e9rbios, diferentes registos de l\u00edngua<\/p>\n<\/div>\n<div class=\"siteorigin-widget-tinymce textwidget\">\n<h3><\/h3>\n<h3><span style=\"color: #ff0000;\"><strong>F.A.Q<\/strong><\/span><\/h3>\n<p><strong>1- Was ist ein Einstufungsgespr\u00e4sch, wo wird es stattfinden und wie lange dauert es?<\/strong><\/p>\n<p>Ein Einstufungsgespr\u00e4ch dauert ca. 25 Minuten. In der Regel findet es in unserem Raum statt oder Online. Wenn Sie bereits Vorkenntnisse haben, ermitteln wir gemeinsam Ihre Stufe. In jedem Fall sprechen wird die beste Unterrichtsform f\u00fcr Ihre Bed\u00fcrfnisse und Lernziele ab.<\/p>\n<p><strong>2- Wann beginnen neue Kurse?<\/strong><\/p>\n<p>Neue Kurse im Einzelunterricht k\u00f6nnen jederzeit beginnen. Der Termin f\u00fcr den Kursbeginn ist frei w\u00e4hlbar \u2013 ja nach Verf\u00fcgbarkeit der Trainer\/innen. Das gleiche gilt f\u00fcr Kleingruppen, d.h. max. 3 Personen, die sich gemeinsam zu einem Kurs anmelden.<\/p>\n<p><strong>5- Kann ich mich einem Kleingruppenkurs anschlie\u00dfen, der bereits begonnen hat?<\/strong><\/p>\n<p>Ja, in seltenen F\u00e4llen ist das m\u00f6glich, sofern es noch freie Pl\u00e4tze f\u00fcr Ihre Stufe gibt. Sollten Sie daran Interesse haben, wenden Sie sich gerne an uns, und wir \u00fcberpr\u00fcfen, ob die M\u00f6glichkeit aktuell besteht.<\/p>\n<p><strong>6- Wieviel kostet es?<\/strong><\/p>\n<p>Einzelunterricht Online oder Offline &#8211; ab 42,- pro Stunde (Preis f\u00fcr Mitglieder der \u00d6PG \u2013 Sollten Sie nicht Mitglied sein, kontaktieren Sie uns bitte &#8211; <a href=\"mailto:portugiesisch@proton.me\">portugiesisch@proton.me<\/a><\/p>\n<p><strong>6- Wann finden die Kurse statt?<\/strong><\/p>\n<p>Die einzelnen Termine f\u00fcr die Einheiten sind flexibel und werden zwischen Trainer\/in und Sch\u00fcler\/in zu Beginn des Kurses vereinbart.<\/p>\n<p><strong>7- Wo finden die Kurse statt?<\/strong><\/p>\n<p>Der Kursort f\u00fcr den Unterricht ist in der Piaristengasse (1080 Wien) oder Online per Google Meet<\/p>\n<p><strong>8- Wir sind ein Paar\/eine Familie\/Freunde. K\u00f6nnen wir gemeinsam Portugiesisch lernen?<\/strong><\/p>\n<p>Ja, nat\u00fcrlich. Paar- oder Kleingruppenkurse sind erfahrungsgem\u00e4\u00df sogar noch effektiver, weil au\u00dferhalb des Unterrichts gemeinsam ge\u00fcbt werden kann. Und sie machen noch mehr Spa\u00df!<\/p>\n<p><strong>9- Wir kann ich die Trainer\/innen kennen lernen?<\/strong><\/p>\n<p>Im Einstufungsgespr\u00e4ch haben Sie die Gelegenheit, Ihre\/n Trainer\/in kennenzulernen.<\/p>\n<p><strong>10- Welche Ausbildung haben die Trainer\/innen?<\/strong><\/p>\n<p>Unsere Trainer\/innen sind alle Muttersprachler\/innen, haben universit\u00e4re Ausbildung (MA) und mehr als zehn Jahre Berufserfahrung als Portugiesisch-Trainer\/innen.<\/p>\n<p><strong>11- Wollen Sie uns telefonisch kontaktieren?<\/strong><\/p>\n<p>Wir sind Montag bis Mittwoch zwischen 9 Uhr und 12 Uhr erreichbar: <b>069918184184.<\/b><\/p>\n<\/div>\n<p><strong>Arbeitsb\u00fccher<\/strong><\/p>\n<p>Folgende Arbeitsb\u00fccher werden in unserem Unterricht verwendet:<\/p>\n<p>Europ\u00e4isches Portugiesisch: <em>Portugu\u00eas XXI, Portugal Atual, Entre N\u00f3s, Portugu\u00eas outra vez, Estrat\u00e9gias<\/em> und <em>Gram\u00e1tica Ativa 1<\/em> oder <em>2 (vers\u00e3o Europeia)<\/em><br \/>\nDie Arbeitsb\u00fccher sind nicht im Kursbeitrag inkludiert, wir informieren Sie aber fr\u00fchzeitig vor Kursbeginn, welche B\u00fccher f\u00fcr Ihren Kurs relevant sind und wo Sie sie besorgen k\u00f6nnen.<\/p>\n<h4><strong>AGBs<\/strong><\/h4>\n<p><strong>Kursort<\/strong><\/p>\n<p>Der Kursort f\u00fcr den Unterricht ist in der Piaristengasse (1080 Wien) oder Online.<\/p>\n<p><strong>Kursbedingungen<\/strong><\/p>\n<p>Unsere Unterrichtseinheiten haben eine Dauer von 50 Minuten, je nach Absprache vor Kursbeginn. In der Regel finden eine oder zwei Unterrichtseinheiten pro Woche statt (Ausnahmen sind je nach Absprache m\u00f6glich). Die Intensivkurse bestehen aus drei bis vier Unterrichtseinheiten pro Woche.<\/p>\n<p><b>Es gibt zwei Kursmodalit\u00e4ten:<\/b><\/p>\n<p>a)\u00a0\u00a0\u00a0\u00a0\u00a0 10er-Karte: Kurs mit 10 Unterrichtseinheiten<\/p>\n<h6>\u2013\u00a0\u00a0\u00a0\u00a0\u00a0\u00a0\u00a0 Die 10er-Karte wird vorab gekauft und hat eine G\u00fcltigkeit von <strong>sechs Monaten.<\/strong><\/h6>\n<p>\u2013\u00a0\u00a0\u00a0\u00a0\u00a0\u00a0\u00a0 Die Termine f\u00fcr die Einheiten werden zwischen Lehrer\/in und Sch\u00fcler\/in zu Beginn des Kurses vereinbart.<\/p>\n<p>\u2013\u00a0\u00a0\u00a0\u00a0\u00a0\u00a0\u00a0 Die genauen Zeiten sind flexibel und richten sich nach der Verf\u00fcgbarkeit von Lehrer\/in und Sch\u00fcler\/in.<\/p>\n<p>\u2013\u00a0\u00a0\u00a0\u00a0\u00a0\u00a0\u00a0 Sollten am Ende der G\u00fcltigkeitsdauer der Karte aufgrund von terminlichen Verschiebungen aufseiten des\/r Sch\u00fclers\/in noch Unterrichtseinheiten offen sein, verfallen diese ohne Recht auf R\u00fcckerstattung.<\/p>\n<p>\u2013\u00a0\u00a0\u00a0\u00a0\u00a0\u00a0\u00a0 <strong>Termin\u00e4nderungen sind bis 24 Stunden vor dem vereinbarten Termin telefonisch oder per Mail m\u00f6glich. <span class=\"Y2IQFc\" lang=\"de\">Bei einer Absage des Kurses weniger als 24 Stunden vorher wird die Kursgeb\u00fchr erhoben.<\/span><\/strong><\/p>\n<p>b)\u00a0\u00a0\u00a0\u00a0 Einzelstunden: Jede Unterrichtseinheit wird individuell vereinbart und jeweils mit Beginn der Stunde bezahlt.<\/p>\n<p><strong>Stornogeb\u00fchren f\u00fcr den Einzelunterricht<\/strong><\/p>\n<p>Die 10er-Karte ist bei der ersten Unterrichtseinheit zu bezahlen.<\/p>\n<p>Stornierung bis eine Woche nach Kursbeginn:\u00a0\u00a0\u00a0\u00a0\u00a0\u00a0\u00a0\u00a0\u00a0\u00a0\u00a0\u00a0\u00a0\u00a0\u00a0\u00a0\u00a0\u00a0\u00a0\u00a0\u00a0\u00a0\u00a0\u00a0\u00a0\u00a0 60% des Kursbeitrags<br \/>\nStornierung bis zwei Wochen nach Kursbeginn:\u00a0\u00a0\u00a0\u00a0\u00a0\u00a0\u00a0\u00a0\u00a0\u00a0\u00a0\u00a0\u00a0\u00a0\u00a0\u00a0\u00a0\u00a0\u00a0\u00a0\u00a0\u00a0\u00a0 100% des Kursbeitrags<\/p>\n<\/div>\n<\/div>\n<\/div>\n<\/div>\n<\/div>\n<\/div>\n","protected":false},"excerpt":{"rendered":"<p>&nbsp; Lernen Sie europ\u00e4isches Portugiesisch in Wiens einzigartiger Lernumgebung. Bei uns erleben Sie die Sprache in einem authentischen kulturellen Kontext!&hellip;<\/p>\n","protected":false},"author":1,"featured_media":0,"parent":0,"menu_order":0,"comment_status":"closed","ping_status":"closed","template":"","meta":{"footnotes":""},"class_list":["post-47","page","type-page","status-publish","hentry"],"_links":{"self":[{"href":"https:\/\/www.portugalaustria.at\/de-at\/wp-json\/wp\/v2\/pages\/47","targetHints":{"allow":["GET"]}}],"collection":[{"href":"https:\/\/www.portugalaustria.at\/de-at\/wp-json\/wp\/v2\/pages"}],"about":[{"href":"https:\/\/www.portugalaustria.at\/de-at\/wp-json\/wp\/v2\/types\/page"}],"author":[{"embeddable":true,"href":"https:\/\/www.portugalaustria.at\/de-at\/wp-json\/wp\/v2\/users\/1"}],"replies":[{"embeddable":true,"href":"https:\/\/www.portugalaustria.at\/de-at\/wp-json\/wp\/v2\/comments?post=47"}],"version-history":[{"count":139,"href":"https:\/\/www.portugalaustria.at\/de-at\/wp-json\/wp\/v2\/pages\/47\/revisions"}],"predecessor-version":[{"id":1328,"href":"https:\/\/www.portugalaustria.at\/de-at\/wp-json\/wp\/v2\/pages\/47\/revisions\/1328"}],"wp:attachment":[{"href":"https:\/\/www.portugalaustria.at\/de-at\/wp-json\/wp\/v2\/media?parent=47"}],"curies":[{"name":"wp","href":"https:\/\/api.w.org\/{rel}","templated":true}]}}