{"id":49,"date":"2018-02-14T07:23:56","date_gmt":"2018-02-14T06:23:56","guid":{"rendered":"http:\/\/www.portugalaustria.at\/de-at\/?page_id=49"},"modified":"2026-04-21T12:23:30","modified_gmt":"2026-04-21T10:23:30","slug":"welcome","status":"publish","type":"page","link":"https:\/\/www.portugalaustria.at\/de-at\/","title":{"rendered":""},"content":{"rendered":"\n<h2 class=\"wp-block-heading\">Unsere n\u00e4chsten Events:<\/h2>\n\n\n\n<p>(Jeweils in den R\u00e4umlichkeiten der Gesellschaft, 1080 Wien, Piaristengasse 34 &#8211;                                                 herzlich willkommen, auch ohne Voranmeldung)<\/p>\n\n\n\n<p><strong><strong>25. April 2026, 18:00 Uhr<\/strong><br>&#8222;<strong>Mein 25. April und der Kampf hinter dem Eisernen Vorhang&#8220;, Dr. Manuel da Silva Alexandre<\/strong><\/strong>                     Vortrag in portugiesischer Sprache. Eintritt frei, Spende erbeten.<\/p>\n\n\n\n<p><\/p>\n\n\n\n<p><strong>8. Mai 2026, 15:30 Uhr                                                                                                                                         <\/strong><strong>Sprachcaf\u00e9 mit Mag. Hugo Vieira Wilm da Silva<\/strong>                                                                                                        Alle Sprachniveaus, von Anf\u00e4nger bis Native Speaker. Eintritt frei, Spende erbeten.<\/p>\n\n\n\n<p><\/p>\n\n\n\n<p><strong>8. Mai 2026, 18:00 Uhr<\/strong>                                                                                                                              <strong>\u201cArch\u00e4ologische Arbeiten in \u00c4gypten, &#8222;&#8230;was das antike \u00c4gypten mit Europa zu tun hatte&#8220;<\/strong>                        Vortrag von Frau Prof. Dr. Cornelia R\u00f6mer, ehemalige Direktorin der Papyrussammlung der \u00d6sterreichischen Nationalbibliothek; seit 2010 forscht sie als freie Mitarbeiterin an der Abteilung Kairo des Deutschen Arch\u00e4ologischen Instituts. Seit Januar 2013 ist sie Langzeitdozentin des DAAD, B\u00fcro Kairo, an der Ain-Schams-Universit\u00e4t. 2025 wurde R\u00f6mer Mitglied der Academia Europaea.                                                                                                         Pr\u00e4sentation in deutscher Sprache. Eintritt frei, Spende erbeten<\/p>\n\n\n\n<p><\/p>\n\n\n\n<p><strong>17. Mai 2026, 18:00 Uhr                                                                                                                                                Ein portugiesischer Abend                                                                                                                                           <\/strong>Mit Weinverkostung von Christian Schiesser MIROPA, mit kleinen K\u00f6stlichkeiten aus Portugal und mit stimmungsvoller musikalischer Begleitung durch Daniel Fadista dos Santos und seinem Vater Formosinho dos Santos Eintritt frei, Spende erbeten<\/p>\n\n\n\n<p><\/p>\n\n\n\n<p><strong>22. Mai 2026, 18:00 Uhr<\/strong> <strong>                                                                                                                                         Vortrag \/ Workshop mit<\/strong> <strong>Dr. Cl\u00e1udia Fernandes<\/strong>                                                                                                <strong>Stimmen des Orients \u2013 Macau<\/strong>                                                                                                                                Eintritt EUR 15 (\u00d6PG \u00a0Mitglieder EUR 10)<\/p>\n\n\n\n<p><\/p>\n\n\n\n<p><strong>30. Mai 2026, 16:00 Uhr<\/strong>                                                                                                                                               <strong>Opern-Singen auf Portugiesisch! Vocalini-Workshop f\u00fcr Kinder bis 10 Jahre mit der S\u00e4ngerin Elvire de Paiva e Pona<\/strong><\/p>\n\n\n\n<p><\/p>\n\n\n\n<p><strong>10. Juni 2026, 18:00 Uhr<\/strong>                                                                                                                            <strong>Portugiesischer Nationalfeiertag \/ Dia de Portugal, de Cam\u00f5es e das Comunidades Portuguesas<\/strong><\/p>\n\n\n\n<p><\/p>\n\n\n\n<p><strong>12. Juni 2026, 18:00 Uhr<\/strong>                                                                                                                                        <strong>Vortrag \/ Workshop mit<\/strong> <strong>Dr. Cl\u00e1udia Fernandes<\/strong>                                                                                                <strong>Stimmen des Orients \u2013 Ost-Timor<\/strong>                                                                                                                          Eintritt EUR 15 (\u00d6PG \u00a0Mitglieder EUR 10)<\/p>\n\n\n\n<p><\/p>\n\n\n\n<h2 class=\"wp-block-heading\">Fr\u00fchere Veranstaltungen:<\/h2>\n\n\n\n<p><\/p>\n\n\n\n<p><strong>\u201eStimmen der Unabh\u00e4ngigkeit&#8220; \/<br>Schwerpunkt S\u00e3o Tom\u00e9 und Pr\u00edncipe, Vortrag \/ Workshop mit Dr. Cl\u00e1udia Fernandes<\/strong><\/p>\n\n\n\n<p><strong><strong>Treffen der Caritaskinder<\/strong><\/strong><\/p>\n\n\n\n<p><strong>\u201eStimmen der Unabh\u00e4ngigkeit&#8220; \/<br>Schwerpunkt Kap Verde, Vortrag \/ Workshop mit Dr. Cl\u00e1udia Fernandes<\/strong><\/p>\n\n\n\n<p><a href=\"https:\/\/www.portugalaustria.at\/de-at\/wp-content\/uploads\/2026\/01\/60-Jahr.pdf\" data-type=\"attachment\" data-id=\"1230\">60 Jahr &#8211; Jubil\u00e4um \u00d6PG<\/a><\/p>\n\n\n\n<p>Martinifest \/ Festa de S\u00e3o Martinho<\/p>\n\n\n\n<p>\u201eParadiesische Inseln \u2013 die Azoren\u201c, Vortrag von Andreas Weber<\/p>\n\n\n\n<p>\u201eWer ist der Homo oeconomicus? Wer sind seine V\u00e4ter?\u201c<\/p>\n\n\n\n<p><strong>&nbsp;<\/strong><a href=\"https:\/\/www.portugalaustria.at\/de-at\/veranstaltungen\/\" data-type=\"page\" data-id=\"977\">\u201eStimmen der Unabh\u00e4ngigkeit\u201c, Schwerpunkt Guinea-Bissau<\/a><\/p>\n\n\n\n<p>\u00d6PG Wiedersehenabend &#8211; Ein Abend mit den Caritaskindern<\/p>\n\n\n\n<p>Dokumentarfilm \u201eViagem ao Sol\u201c<\/p>\n\n\n\n<p>Vortrag Dr. Cl\u00e1udia Fernandes &#8211; 50 Jahre Unabh\u00e4ngigkeit der ehemaligen Kolonien<\/p>\n\n\n\n<p>Weinverkostung mit Christian Schiesser, Fa. Miropa<\/p>\n\n\n\n<p><a href=\"https:\/\/www.portugalaustria.at\/de-at\/veranstaltungen\/\" data-type=\"page\" data-id=\"977\">Feier des portugiesischen Nationalfeiertags \u2013&nbsp;ein unvergesslicher Festabend<\/a><\/p>\n\n\n\n<p><a href=\"https:\/\/www.portugalaustria.at\/de-at\/veranstaltungen\/\" data-type=\"page\" data-id=\"977\">Konzertabend mit Sandra Pires<\/a><\/p>\n","protected":false},"excerpt":{"rendered":"<p>Unsere n\u00e4chsten Events: (Jeweils in den R\u00e4umlichkeiten der Gesellschaft, 1080 Wien, Piaristengasse 34 &#8211; herzlich willkommen, auch ohne Voranmeldung) 25.&hellip;<\/p>\n","protected":false},"author":1,"featured_media":869,"parent":0,"menu_order":0,"comment_status":"closed","ping_status":"closed","template":"","meta":{"footnotes":""},"class_list":["post-49","page","type-page","status-publish","has-post-thumbnail","hentry"],"_links":{"self":[{"href":"https:\/\/www.portugalaustria.at\/de-at\/wp-json\/wp\/v2\/pages\/49","targetHints":{"allow":["GET"]}}],"collection":[{"href":"https:\/\/www.portugalaustria.at\/de-at\/wp-json\/wp\/v2\/pages"}],"about":[{"href":"https:\/\/www.portugalaustria.at\/de-at\/wp-json\/wp\/v2\/types\/page"}],"author":[{"embeddable":true,"href":"https:\/\/www.portugalaustria.at\/de-at\/wp-json\/wp\/v2\/users\/1"}],"replies":[{"embeddable":true,"href":"https:\/\/www.portugalaustria.at\/de-at\/wp-json\/wp\/v2\/comments?post=49"}],"version-history":[{"count":229,"href":"https:\/\/www.portugalaustria.at\/de-at\/wp-json\/wp\/v2\/pages\/49\/revisions"}],"predecessor-version":[{"id":1311,"href":"https:\/\/www.portugalaustria.at\/de-at\/wp-json\/wp\/v2\/pages\/49\/revisions\/1311"}],"wp:featuredmedia":[{"embeddable":true,"href":"https:\/\/www.portugalaustria.at\/de-at\/wp-json\/wp\/v2\/media\/869"}],"wp:attachment":[{"href":"https:\/\/www.portugalaustria.at\/de-at\/wp-json\/wp\/v2\/media?parent=49"}],"curies":[{"name":"wp","href":"https:\/\/api.w.org\/{rel}","templated":true}]}}